{"id":284,"date":"2023-03-02T08:54:06","date_gmt":"2023-03-02T07:54:06","guid":{"rendered":"https:\/\/medialog.islandmediadevelopment.com\/frequently-ask-question\/"},"modified":"2026-08-04T15:07:50","modified_gmt":"2026-08-04T13:07:50","slug":"preguntes-frequents","status":"publish","type":"page","link":"https:\/\/www.medialog.es\/ca\/preguntes-frequents\/","title":{"rendered":"Preguntes freq\u00fcents"},"content":{"rendered":"<div id=\"pl-284\"  class=\"panel-layout\" ><div id=\"pg-284-0\"  class=\"panel-grid panel-no-style\" ><div id=\"pgc-284-0-0\"  class=\"panel-grid-cell\" ><div id=\"panel-284-0-0-0\" class=\"so-panel widget widget_faq-widget panel-first-child panel-last-child\" data-index=\"0\" ><div\n\t\t\t\n\t\t\tclass=\"so-widget-faq-widget so-widget-faq-widget-default-d75171398898-284\"\n\t\t\t\n\t\t><div class=\"widget widget-padding accordion faq-widget\" id=\"faq-widget-28410000\">\n    <div class=\"faq-widget__wrapper\">\n        <div class=\"container\">\n            <div class=\"row\">\n                \n                <div class=\"col-md-12 col-lg-8 offset-lg-2\">\n                                        <div class=\"accordions\">\n                        <div class=\"accordions-item__wrapper\" data-sal=\"slide-up\" data-sal-delay=\"200\" data-sal-duration=\"500\">\n                                                    <div class=\"accordions__item\">\n                                <a href=\"javascript:void(0)\" data-target=\"#acc-1\" class=\"accordion__title\">Pot Medialog activar campanyes de CTV a tot el m\u00f3n? \n                                    <span class=\"icon-plus-minus\">\n                                        <span class=\"accordion-plus\">\n                                        <\/span>\n                                        <span class=\"accordion-minus\">\n                                        <\/span>\n                                    <\/span>\n                                <\/a>\n                                <div id=\"acc-1\" class=\"accordion__content\">\n                                    <div class=\"accordions__content\">\n                                                                                    <div class=\"accordions__content accordion__main--wrapper\">\n                                                <p>Efectivament. La nostra soluci\u00f3 anomenada <strong>TV360<\/strong> inclou qualsevol canal de televisi\u00f3, ja sigui anal\u00f2gic (la televisi\u00f3 de sempre) o digital (Connected TV o <strong>CTV<\/strong>). Medialog disposa d\u2019un acc\u00e9s propi (<em>seat<\/em> en angl\u00e8s) tant a Google com a Amazon; podem comprar <strong>lliurement<\/strong> (open) o mitjan\u00e7ant els <strong><em>deals<\/em> predeterminats<\/strong> de les plataformes; podem tancar <em><strong>preferred deals<\/strong><\/em> amb un preu acordat pr\u00e8viament; podem optar a <strong>PMPs<\/strong> amb un <em>floor price<\/em> (un preu m\u00ednim sense garantia d\u2019entrega perqu\u00e8 \u00e9s subhasta) o formalitzar un <em><strong>Programmatic Guaranteed<\/strong><\/em>, amb garantia d\u2019inversi\u00f3 i de volum lliurat per part de l'anunciant i el mitj\u00e0 respectivament. Amb Medialog pots fer <strong>CTV a tot el m\u00f3n<\/strong>.<\/p>\n\n                                            <\/div>\n                                                                            <\/div>\n                                <\/div>\n                            <\/div>\n                                                    <div class=\"accordions__item\">\n                                <a href=\"javascript:void(0)\" data-target=\"#acc-2\" class=\"accordion__title\">Qu\u00e8 \u00e9s millor: OOH en paper o DOOH (publicitat exterior digital)? \n                                    <span class=\"icon-plus-minus\">\n                                        <span class=\"accordion-plus\">\n                                        <\/span>\n                                        <span class=\"accordion-minus\">\n                                        <\/span>\n                                    <\/span>\n                                <\/a>\n                                <div id=\"acc-2\" class=\"accordion__content\">\n                                    <div class=\"accordions__content\">\n                                                                                    <div class=\"accordions__content accordion__main--wrapper\">\n                                                <p>A Medialog comprem tant espais de <strong>publicitat exterior en paper<\/strong> (OOH) com en <strong>format digital<\/strong> (DOOH). La tend\u00e8ncia mundial \u00e9s digital, perqu\u00e8 permet al mitj\u00e0 programar diversos anunciants durant el mateix dia i facturar-los amb un CPM molt superior al d\u2019una campanya en paper.<\/p>\n<p>El <strong>DOOH<\/strong> pot generar <strong>CPMs<\/strong> que, de mitjana, s\u00f3n <strong>15 vegades superiors<\/strong> als de la publicitat exterior convencional. En CTV, la difer\u00e8ncia de CPM respecte de la televisi\u00f3 lineal \u00e9s encara m\u00e9s pronunciada. La <strong>televisi\u00f3 connectada<\/strong> (CTV) pot assolir CPMs entre <strong>15 i 30 vegades superiors<\/strong> als de la televisi\u00f3 tradicional.<\/p>\n<p>L\u2019avantatge, d\u2019altra banda, \u00e9s que la tecnologia digital, tant en DOOH com en CTV, permet que molts m\u00e9s anunciants es plantegin utilitzar aquests mitjans tan efectius. No cal comprar tot el circuit; no hi ha m\u00ednims ni costos de producci\u00f3 elevats, i tens total llibertat per determinar el per\u00edode de difusi\u00f3: per dies, per hores o en moments espec\u00edfics, com ara calor, fred, pluja o neu.<\/p>\n<p>L\u2019\u00fanic punt cr\u00edtic \u00e9s que, mentre que la publicitat exterior i la televisi\u00f3 tradicionals ofereixen una garantia total d\u2019efectivitat, tant en <strong>DOOH<\/strong> com en <strong>CTV necessites una ag\u00e8ncia de mitjans que entengui els m\u00ednims necessaris<\/strong> i s\u00e0piga quin volum comprar, on comprar-lo i quan programar-lo, per garantir-ne l\u2019efectivitat.<\/p>\n<p>Aconseguir resultats cognitius o de comportament no consisteix simplement a comprar unes quantes impressions. <strong>Pregunta\u2019ns-ho<\/strong>; no llencis els teus diners.<\/p>\n<p>Disposem d\u2019un acc\u00e9s propi (<em>seat<\/em>, en angl\u00e8s) a <strong>Displayce<\/strong>, una de les plataformes m\u00e9s robustes i millor gestionades del mercat. Podem activar campanyes a qualsevol lloc del m\u00f3n i en qualsevol suport.<\/p>\n\n                                            <\/div>\n                                                                            <\/div>\n                                <\/div>\n                            <\/div>\n                                                    <div class=\"accordions__item\">\n                                <a href=\"javascript:void(0)\" data-target=\"#acc-3\" class=\"accordion__title\">Medialog fa creativitats? \n                                    <span class=\"icon-plus-minus\">\n                                        <span class=\"accordion-plus\">\n                                        <\/span>\n                                        <span class=\"accordion-minus\">\n                                        <\/span>\n                                    <\/span>\n                                <\/a>\n                                <div id=\"acc-3\" class=\"accordion__content\">\n                                    <div class=\"accordions__content\">\n                                                                                    <div class=\"accordions__content accordion__main--wrapper\">\n                                                <p><span data-sheets-value=\"{&quot;1&quot;:2,&quot;2&quot;:&quot;No, les creativitats les ha de proporcionar l'anunciant, idealment a trav\u00e9s de la seva ag\u00e8ncia creativa. En alguna ocasi\u00f3 hem fet alguna adaptaci\u00f3 o alguna composici\u00f3 de post per a xarxes socials, per\u00f2 aix\u00f2 s\u00f3n tasques que requereixen creatius publicitaris. Nosaltres som experts en planificaci\u00f3 i compra de mitjans.&quot;}\" data-sheets-userformat=\"{&quot;2&quot;:13251,&quot;3&quot;:{&quot;1&quot;:0},&quot;4&quot;:{&quot;1&quot;:2,&quot;2&quot;:16776960},&quot;9&quot;:0,&quot;10&quot;:0,&quot;11&quot;:4,&quot;12&quot;:0,&quot;15&quot;:&quot;Montserrat&quot;,&quot;16&quot;:10}\">No, les creativitats les ha de proporcionar l'anunciant, idealment a trav\u00e9s de la seva ag\u00e8ncia creativa. En alguna ocasi\u00f3 hem fet alguna adaptaci\u00f3 o alguna composici\u00f3 de post per a xarxes socials, per\u00f2 aix\u00f2 s\u00f3n tasques que requereixen creatius publicitaris. Nosaltres som experts en planificaci\u00f3 i compra de mitjans.<\/span><\/p>\n\n                                            <\/div>\n                                                                            <\/div>\n                                <\/div>\n                            <\/div>\n                                                    <div class=\"accordions__item\">\n                                <a href=\"javascript:void(0)\" data-target=\"#acc-4\" class=\"accordion__title\">Quant em costar\u00e0 el servei de medialog? \n                                    <span class=\"icon-plus-minus\">\n                                        <span class=\"accordion-plus\">\n                                        <\/span>\n                                        <span class=\"accordion-minus\">\n                                        <\/span>\n                                    <\/span>\n                                <\/a>\n                                <div id=\"acc-4\" class=\"accordion__content\">\n                                    <div class=\"accordions__content\">\n                                                                                    <div class=\"accordions__content accordion__main--wrapper\">\n                                                <p>Som un <strong>cost variable<\/strong> per al client. <strong>No cobrem cap quota fixa<\/strong> (fee). La remuneraci\u00f3 de l'ag\u00e8ncia consisteix normalment en <strong>un percentatge d'un sol d\u00edgit sobre la inversi\u00f3 neta<\/strong> efectivament realitzada. Si no hi ha campanya, <strong>no hi ha cap cost per al client<\/strong>.<\/p>\n<p>Per a <strong>pressupostos molt petits<\/strong>, tasques <strong>sense compra de mitjans<\/strong> o activacions en <strong>plataformes alienes a l'ag\u00e8ncia<\/strong>, s'estudiaran altres f\u00f3rmules per garantir una <strong>remuneraci\u00f3 justa<\/strong> pels serveis prestats.<\/p>\n\n                                            <\/div>\n                                                                            <\/div>\n                                <\/div>\n                            <\/div>\n                                                    <div class=\"accordions__item\">\n                                <a href=\"javascript:void(0)\" data-target=\"#acc-5\" class=\"accordion__title\">Com em presento per a treballar a medialog? \n                                    <span class=\"icon-plus-minus\">\n                                        <span class=\"accordion-plus\">\n                                        <\/span>\n                                        <span class=\"accordion-minus\">\n                                        <\/span>\n                                    <\/span>\n                                <\/a>\n                                <div id=\"acc-5\" class=\"accordion__content\">\n                                    <div class=\"accordions__content\">\n                                                                                    <div class=\"accordions__content accordion__main--wrapper\">\n                                                <p><span data-sheets-value=\"{&quot;1&quot;:2,&quot;2&quot;:&quot;Encantats de con\u00e8ixer-te. Tingues en compte que som ultra prudents ampliant plantilla. En serveis, el cost de personal \u00e9s el cost m\u00e9s elevat i a m\u00e9s fix. Busquem la m\u00e0xima estabilitat laboral a llarg termini i aix\u00f2 implica prud\u00e8ncia. Escriu a team@medialog.es, adjunta el teu CV i, sobretot, el teu perfil a LinkedIn.&quot;}\" data-sheets-userformat=\"{&quot;2&quot;:13251,&quot;3&quot;:{&quot;1&quot;:0},&quot;4&quot;:{&quot;1&quot;:2,&quot;2&quot;:16776960},&quot;9&quot;:0,&quot;10&quot;:0,&quot;11&quot;:4,&quot;12&quot;:0,&quot;15&quot;:&quot;Montserrat&quot;,&quot;16&quot;:10}\">Encantats de con\u00e8ixer-te. Tingues en compte que som ultra prudents ampliant plantilla. En serveis, el cost de personal \u00e9s el cost m\u00e9s elevat i a m\u00e9s fix. Busquem la m\u00e0xima estabilitat laboral a llarg termini i aix\u00f2 implica prud\u00e8ncia. Escriu a team@medialog.es, adjunta el teu CV i, sobretot, el teu perfil a LinkedIn.<\/span><\/p>\n\n                                            <\/div>\n                                                                            <\/div>\n                                <\/div>\n                            <\/div>\n                                                    <div class=\"accordions__item\">\n                                <a href=\"javascript:void(0)\" data-target=\"#acc-6\" class=\"accordion__title\">Pot medialog assessorar-me per una campanya internacional? \n                                    <span class=\"icon-plus-minus\">\n                                        <span class=\"accordion-plus\">\n                                        <\/span>\n                                        <span class=\"accordion-minus\">\n                                        <\/span>\n                                    <\/span>\n                                <\/a>\n                                <div id=\"acc-6\" class=\"accordion__content\">\n                                    <div class=\"accordions__content\">\n                                                                                    <div class=\"accordions__content accordion__main--wrapper\">\n                                                <p><span data-sheets-value=\"{&quot;1&quot;:2,&quot;2&quot;:&quot;per descomptat, tenim la nostra operaci\u00f3 a Espanya, per\u00f2 activem campanya a qualsevol lloc del m\u00f3n.&quot;}\" data-sheets-userformat=\"{&quot;2&quot;:13251,&quot;3&quot;:{&quot;1&quot;:0},&quot;4&quot;:{&quot;1&quot;:2,&quot;2&quot;:16776960},&quot;9&quot;:0,&quot;10&quot;:2,&quot;11&quot;:4,&quot;12&quot;:0,&quot;15&quot;:&quot;Montserrat&quot;,&quot;16&quot;:10}\">Per descomptat, tenim la nostra operaci\u00f3 a Espanya, per\u00f2 activem campanya a qualsevol lloc del m\u00f3n.<\/span><\/p>\n\n                                            <\/div>\n                                                                            <\/div>\n                                <\/div>\n                            <\/div>\n                                                    <div class=\"accordions__item\">\n                                <a href=\"javascript:void(0)\" data-target=\"#acc-7\" class=\"accordion__title\">Treballeu amb ag\u00e8ncies creatives? \n                                    <span class=\"icon-plus-minus\">\n                                        <span class=\"accordion-plus\">\n                                        <\/span>\n                                        <span class=\"accordion-minus\">\n                                        <\/span>\n                                    <\/span>\n                                <\/a>\n                                <div id=\"acc-7\" class=\"accordion__content\">\n                                    <div class=\"accordions__content\">\n                                                                                    <div class=\"accordions__content accordion__main--wrapper\">\n                                                <p><span data-sheets-value=\"{&quot;1&quot;:2,&quot;2&quot;:&quot;S\u00ed, per\u00f2 no. \u00c9s a dir, col\u00b7laborem amb algunes excel\u00b7lents ag\u00e8ncies de publicitat i fem negocis junts. Mai ens encarreguen plans de mitjans per nom\u00e9s complementar les seves propostes creatives. Quan ens criden hi ha una possibilitat real de comprar mitjans. Per exemple, mai aconseguir\u00edem comprar mitjans per a una marca global alineada amb una multinacional publicit\u00e0ria.&quot;}\" data-sheets-userformat=\"{&quot;2&quot;:13251,&quot;3&quot;:{&quot;1&quot;:0},&quot;4&quot;:{&quot;1&quot;:2,&quot;2&quot;:16776960},&quot;9&quot;:0,&quot;10&quot;:2,&quot;11&quot;:4,&quot;12&quot;:0,&quot;15&quot;:&quot;Montserrat&quot;,&quot;16&quot;:10}\">S\u00ed, per\u00f2 no. \u00c9s a dir, col\u00b7laborem amb algunes excel\u00b7lents ag\u00e8ncies de publicitat i fem negocis junts. Mai ens encarreguen plans de mitjans per nom\u00e9s complementar les seves propostes creatives. Quan ens criden hi ha una possibilitat real de comprar mitjans. Per exemple, mai aconseguir\u00edem comprar mitjans per a una marca global alineada amb una multinacional publicit\u00e0ria.<\/span><\/p>\n\n                                            <\/div>\n                                                                            <\/div>\n                                <\/div>\n                            <\/div>\n                                                    <div class=\"accordions__item\">\n                                <a href=\"javascript:void(0)\" data-target=\"#acc-8\" class=\"accordion__title\">Us presenteu a concursos? \n                                    <span class=\"icon-plus-minus\">\n                                        <span class=\"accordion-plus\">\n                                        <\/span>\n                                        <span class=\"accordion-minus\">\n                                        <\/span>\n                                    <\/span>\n                                <\/a>\n                                <div id=\"acc-8\" class=\"accordion__content\">\n                                    <div class=\"accordions__content\">\n                                                                                    <div class=\"accordions__content accordion__main--wrapper\">\n                                                <p><span data-sheets-value=\"{&quot;1&quot;:2,&quot;2&quot;:&quot;S\u00ed, avaluant b\u00e9 l'esfor\u00e7-oportunitat. Les probabilitats de guanyar s\u00f3n sempre baixes i els anunciants no solen remunerar els concursos. Busquem una relaci\u00f3 a mitj\u00e0 i llarg termini amb els anunciants, no per comoditat, sin\u00f3 perqu\u00e8 una relaci\u00f3 allargada en el temps efici\u00e8ncia el servei i evita estrat\u00e8gies err\u00f2nies.&quot;}\" data-sheets-userformat=\"{&quot;2&quot;:13251,&quot;3&quot;:{&quot;1&quot;:0},&quot;4&quot;:{&quot;1&quot;:2,&quot;2&quot;:16776960},&quot;9&quot;:0,&quot;10&quot;:0,&quot;11&quot;:4,&quot;12&quot;:0,&quot;15&quot;:&quot;Montserrat&quot;,&quot;16&quot;:10}\">S\u00ed, avaluant b\u00e9 l'esfor\u00e7-oportunitat. Les probabilitats de guanyar s\u00f3n sempre baixes i els anunciants no solen remunerar els concursos. Busquem una relaci\u00f3 a mitj\u00e0 i llarg termini amb els anunciants, no per comoditat, sin\u00f3 perqu\u00e8 una relaci\u00f3 allargada en el temps efici\u00e8ncia el servei i evita estrat\u00e8gies err\u00f2nies.<\/span><\/p>\n\n                                            <\/div>\n                                                                            <\/div>\n                                <\/div>\n                            <\/div>\n                                                    <div class=\"accordions__item\">\n                                <a href=\"javascript:void(0)\" data-target=\"#acc-9\" class=\"accordion__title\">Pertanyeu a un grup publicitari? \n                                    <span class=\"icon-plus-minus\">\n                                        <span class=\"accordion-plus\">\n                                        <\/span>\n                                        <span class=\"accordion-minus\">\n                                        <\/span>\n                                    <\/span>\n                                <\/a>\n                                <div id=\"acc-9\" class=\"accordion__content\">\n                                    <div class=\"accordions__content\">\n                                                                                    <div class=\"accordions__content accordion__main--wrapper\">\n                                                <p>Medialog \u00e9s una <strong>ag\u00e8ncia independent<\/strong>, i la nostra intenci\u00f3 \u00e9s continuar sent-ho en el futur. No descartem col\u00b7laborar en associacions o aliances sectorials per donar servei a clients de gran dimensi\u00f3, per\u00f2 no volem comptar amb inversors capitalistes en el nostre accionariat.<\/p>\n<p>La visi\u00f3 de Medialog \u00e9s convertir-se en l'ag\u00e8ncia amb el <strong>millor talent<\/strong>. La nostra missi\u00f3 <strong>no \u00e9s maximitzar el valor per als accionistes<\/strong>, sin\u00f3 accelerar el <strong>creixement del negoci dels nostres clients<\/strong>, guiats pels valors de <strong>pragmatisme<\/strong>, <strong>col\u00b7laboraci\u00f3<\/strong>, <strong>visi\u00f3 hol\u00edstica<\/strong> i <strong>obertura de ment<\/strong>.<\/p>\n\n                                            <\/div>\n                                                                            <\/div>\n                                <\/div>\n                            <\/div>\n                                                    <div class=\"accordions__item\">\n                                <a href=\"javascript:void(0)\" data-target=\"#acc-10\" class=\"accordion__title\">Quina \u00e9s la difer\u00e8ncia entre una ag\u00e8ncia creativa i una altra de mitjans? \n                                    <span class=\"icon-plus-minus\">\n                                        <span class=\"accordion-plus\">\n                                        <\/span>\n                                        <span class=\"accordion-minus\">\n                                        <\/span>\n                                    <\/span>\n                                <\/a>\n                                <div id=\"acc-10\" class=\"accordion__content\">\n                                    <div class=\"accordions__content\">\n                                                                                    <div class=\"accordions__content accordion__main--wrapper\">\n                                                <p><span data-sheets-value=\"{&quot;1&quot;:2,&quot;2&quot;:&quot;Una ag\u00e8ncia creativa sap qu\u00e8 dir i com expressar-ho tenint en compte el p\u00fablic objectiu, mentre una ag\u00e8ncia de mitjans com medialog sap com, quan, on i de quina manera s'arriba a aquest p\u00fablic objectiu minimitzant costos. Ens encarreguem de construir un pont entre el missatge d'una marca i el p\u00fablic objectiu per tal que interactu\u00efn.&quot;}\" data-sheets-userformat=\"{&quot;2&quot;:13251,&quot;3&quot;:{&quot;1&quot;:0},&quot;4&quot;:{&quot;1&quot;:2,&quot;2&quot;:16776960},&quot;9&quot;:0,&quot;10&quot;:0,&quot;11&quot;:4,&quot;12&quot;:0,&quot;15&quot;:&quot;Montserrat&quot;,&quot;16&quot;:10}\">Una ag\u00e8ncia creativa sap qu\u00e8 dir i com expressar-ho tenint en compte el p\u00fablic objectiu, mentre una ag\u00e8ncia de mitjans com medialog sap com, quan, on i de quina manera s'arriba a aquest p\u00fablic objectiu minimitzant costos. Ens encarreguem de construir un pont entre el missatge d'una marca i el p\u00fablic objectiu per tal que interactu\u00efn.<\/span><\/p>\n\n                                            <\/div>\n                                                                            <\/div>\n                                <\/div>\n                            <\/div>\n                                                    <div class=\"accordions__item\">\n                                <a href=\"javascript:void(0)\" data-target=\"#acc-11\" class=\"accordion__title\">Amb quins tipus de clients treballeu? \n                                    <span class=\"icon-plus-minus\">\n                                        <span class=\"accordion-plus\">\n                                        <\/span>\n                                        <span class=\"accordion-minus\">\n                                        <\/span>\n                                    <\/span>\n                                <\/a>\n                                <div id=\"acc-11\" class=\"accordion__content\">\n                                    <div class=\"accordions__content\">\n                                                                                    <div class=\"accordions__content accordion__main--wrapper\">\n                                                <p><span data-sheets-value=\"{&quot;1&quot;:2,&quot;2&quot;:&quot;Ens agraden tant les empreses privades com les p\u00fabliques. Els nostres clients s\u00f3n sobretot de tipus B2C (empresa a consumidor), encara que tamb\u00e9 hem fet campanyes per a empreses B2B (empresa a empresa). El pressupost \u00e9s gran per a qualsevol anunciant, sigui enorme o modest, i el nostre objectiu \u00e9s ajudar-los sempre a cr\u00e9ixer.&quot;}\" data-sheets-userformat=\"{&quot;2&quot;:13251,&quot;3&quot;:{&quot;1&quot;:0},&quot;4&quot;:{&quot;1&quot;:2,&quot;2&quot;:16776960},&quot;9&quot;:0,&quot;10&quot;:0,&quot;11&quot;:4,&quot;12&quot;:0,&quot;15&quot;:&quot;Montserrat&quot;,&quot;16&quot;:10}\">Ens agraden tant les empreses privades com les p\u00fabliques. Els nostres clients s\u00f3n sobretot de tipus B2C (empresa a consumidor), encara que tamb\u00e9 hem fet campanyes per a empreses B2B (empresa a empresa). El pressupost \u00e9s gran per a qualsevol anunciant, sigui enorme o modest, i el nostre objectiu \u00e9s ajudar-los sempre a cr\u00e9ixer.<\/span><\/p>\n\n                                            <\/div>\n                                                                            <\/div>\n                                <\/div>\n                            <\/div>\n                                                    <div class=\"accordions__item\">\n                                <a href=\"javascript:void(0)\" data-target=\"#acc-12\" class=\"accordion__title\">Quants diners es malbaraten cada any en publicitat? \n                                    <span class=\"icon-plus-minus\">\n                                        <span class=\"accordion-plus\">\n                                        <\/span>\n                                        <span class=\"accordion-minus\">\n                                        <\/span>\n                                    <\/span>\n                                <\/a>\n                                <div id=\"acc-12\" class=\"accordion__content\">\n                                    <div class=\"accordions__content\">\n                                                                                    <div class=\"accordions__content accordion__main--wrapper\">\n                                                <p>\u00c9s una pregunta que es fan molts directors financers, CEOs i directors generals. La resposta dep\u00e8n del que s'espera de la publicitat.<\/p>\n<p>Sovint oblidem que la <strong>publicitat<\/strong> \u00e9s, abans que res, <strong>una eina de comunicaci\u00f3<\/strong>. Ens agrada un exemple citat per Presidentex en un dels seus magn\u00edfics llibres: si dem\u00e0 els \u00e9ssers humans fossin substitu\u00efts per extraterrestres, cap marca tindria valor. Publicis i Medialog sonarien igual de desconegudes. Els nous habitants podrien pensar que Nike \u00e9s una beguda i que Coca-Cola \u00e9s una marca d'articles esportius.<\/p>\n<p>L'exemple \u00e9s extrem, per\u00f2 il\u00b7lustra una realitat fonamental: <strong>el valor de marca existeix \u00fanicament a la ment de les persones<\/strong>. Si una marca deixa de comunicar-se durant massa temps, acaba perdent rellev\u00e0ncia.<\/p>\n<p>Per tant, el problema no sol ser invertir en publicitat. El problema \u00e9s <strong>invertir massa<\/strong>, invertir <strong>massa poc<\/strong> o fer-ho <strong>en els mitjans equivocats<\/strong>.<\/p>\n<p>La veritable pregunta no \u00e9s quants diners es malbaraten cada any en publicitat, sin\u00f3 <strong>quant hauria d'invertir cada marca<\/strong> per assolir els seus <strong>objectius<\/strong> sense malgastar recursos.<\/p>\n<p>La resposta acostuma a ser la mateixa: comptar amb una <strong>ag\u00e8ncia de mitjans<\/strong> que s\u00e0piga estimar aquest punt d'equilibri.<\/p>\n\n                                            <\/div>\n                                                                            <\/div>\n                                <\/div>\n                            <\/div>\n                                                <\/div>\n                    <\/div>\n                                    <\/div>\n\n            <\/div>\n        <\/div>\n    <\/div>\n\n    <div class=\"accordion-background\">\n        \n\n\t\t\t\t\n\t\t\n\t\n\t\t\t\n\t\t\t\t\t\t\t\t\t\n\t\t\t\t\t\t\t\t\t\n\t\t\t\t\t\n\t\t\t\t\t\t\t\n\t\t\t\t\t\t<picture class=\"\" width=\"2006\" height=\"2006\">\n\t\t\t\t\t\t\t\t\t\t\t\t<img loading=\"lazy\" decoding=\"async\" src=\"https:\/\/www.medialog.es\/wp-content\/uploads\/2023\/02\/BLUE-1.png\" alt=\"\" width=\"2006\" height=\"2006\">\n\t\t\t<\/picture>\n\t\t\t\t\t\t\t\t\n\t\t\t\t\t\n\n\t\t\n\t\n    <\/div>\n    <\/div>\n<\/div><\/div><\/div><\/div><\/div>","protected":false},"excerpt":{"rendered":"<p>Pot Medialog activar campanyes de CTV a tot el m\u00f3n? Efectivament. La nostra soluci\u00f3 anomenada TV360 inclou qualsevol canal de televisi\u00f3, ja sigui anal\u00f2gic (la televisi\u00f3 de sempre) o digital (Connected TV o CTV). Medialog disposa d\u2019un acc\u00e9s propi (seat en angl\u00e8s) tant a Google com a Amazon; podem comprar lliurement (open) o mitjan\u00e7ant els [&hellip;]<\/p>\n","protected":false},"author":1,"featured_media":0,"parent":0,"menu_order":0,"comment_status":"closed","ping_status":"closed","template":"","meta":{"_acf_changed":false,"content-type":"","inline_featured_image":false,"footnotes":""},"class_list":["post-284","page","type-page","status-publish","hentry"],"acf":[],"yoast_head":"<!-- This site is optimized with the Yoast SEO plugin v28.2 - https:\/\/yoast.com\/product\/yoast-seo-wordpress\/ -->\n<title>Troba les teves respostes sobre medialog | Ag\u00e8ncia de mitjans<\/title>\n<meta name=\"description\" content=\"Quant costa treballar amb medialog, planificaci\u00f3 de mitjans internacional, clients de medialog, offline i online media planning, social ads\" \/>\n<meta name=\"robots\" content=\"index, follow, max-snippet:-1, max-image-preview:large, max-video-preview:-1\" \/>\n<link rel=\"canonical\" href=\"https:\/\/www.medialog.es\/ca\/preguntes-frequents\/\" \/>\n<meta property=\"og:locale\" content=\"ca_ES\" \/>\n<meta property=\"og:type\" content=\"article\" \/>\n<meta property=\"og:title\" content=\"Troba les teves respostes sobre medialog | Ag\u00e8ncia de mitjans\" \/>\n<meta property=\"og:description\" content=\"Quant costa treballar amb medialog, planificaci\u00f3 de mitjans internacional, clients de medialog, offline i online media planning, social ads\" \/>\n<meta property=\"og:url\" content=\"https:\/\/www.medialog.es\/ca\/preguntes-frequents\/\" \/>\n<meta property=\"og:site_name\" content=\"medialog\" \/>\n<meta property=\"article:modified_time\" content=\"2026-08-04T13:07:50+00:00\" \/>\n<meta name=\"twitter:card\" content=\"summary_large_image\" \/>\n<meta name=\"twitter:label1\" content=\"Temps estimat de lectura\" \/>\n\t<meta name=\"twitter:data1\" content=\"5 minuts\" \/>\n<script type=\"application\/ld+json\" class=\"yoast-schema-graph\">{\"@context\":\"https:\\\/\\\/schema.org\",\"@graph\":[{\"@type\":\"WebPage\",\"@id\":\"https:\\\/\\\/www.medialog.es\\\/ca\\\/preguntes-frequents\\\/\",\"url\":\"https:\\\/\\\/www.medialog.es\\\/ca\\\/preguntes-frequents\\\/\",\"name\":\"Troba les teves respostes sobre medialog | Ag\u00e8ncia de mitjans\",\"isPartOf\":{\"@id\":\"https:\\\/\\\/www.medialog.es\\\/ca\\\/#website\"},\"datePublished\":\"2023-03-02T07:54:06+00:00\",\"dateModified\":\"2026-08-04T13:07:50+00:00\",\"description\":\"Quant costa treballar amb medialog, planificaci\u00f3 de mitjans internacional, clients de medialog, offline i online media planning, social ads\",\"breadcrumb\":{\"@id\":\"https:\\\/\\\/www.medialog.es\\\/ca\\\/preguntes-frequents\\\/#breadcrumb\"},\"inLanguage\":\"ca\",\"potentialAction\":[{\"@type\":\"ReadAction\",\"target\":[\"https:\\\/\\\/www.medialog.es\\\/ca\\\/preguntes-frequents\\\/\"]}]},{\"@type\":\"BreadcrumbList\",\"@id\":\"https:\\\/\\\/www.medialog.es\\\/ca\\\/preguntes-frequents\\\/#breadcrumb\",\"itemListElement\":[{\"@type\":\"ListItem\",\"position\":1,\"name\":\"Home\",\"item\":\"https:\\\/\\\/www.medialog.es\\\/ca\\\/\"},{\"@type\":\"ListItem\",\"position\":2,\"name\":\"Preguntes freq\u00fcents\"}]},{\"@type\":\"WebSite\",\"@id\":\"https:\\\/\\\/www.medialog.es\\\/ca\\\/#website\",\"url\":\"https:\\\/\\\/www.medialog.es\\\/ca\\\/\",\"name\":\"medialog\",\"description\":\"\",\"potentialAction\":[{\"@type\":\"SearchAction\",\"target\":{\"@type\":\"EntryPoint\",\"urlTemplate\":\"https:\\\/\\\/www.medialog.es\\\/ca\\\/?s={search_term_string}\"},\"query-input\":{\"@type\":\"PropertyValueSpecification\",\"valueRequired\":true,\"valueName\":\"search_term_string\"}}],\"inLanguage\":\"ca\"}]}<\/script>\n<!-- \/ Yoast SEO plugin. -->","yoast_head_json":{"title":"Troba les teves respostes sobre medialog | Ag\u00e8ncia de mitjans","description":"Quant costa treballar amb medialog, planificaci\u00f3 de mitjans internacional, clients de medialog, offline i online media planning, social ads","robots":{"index":"index","follow":"follow","max-snippet":"max-snippet:-1","max-image-preview":"max-image-preview:large","max-video-preview":"max-video-preview:-1"},"canonical":"https:\/\/www.medialog.es\/ca\/preguntes-frequents\/","og_locale":"ca_ES","og_type":"article","og_title":"Troba les teves respostes sobre medialog | Ag\u00e8ncia de mitjans","og_description":"Quant costa treballar amb medialog, planificaci\u00f3 de mitjans internacional, clients de medialog, offline i online media planning, social ads","og_url":"https:\/\/www.medialog.es\/ca\/preguntes-frequents\/","og_site_name":"medialog","article_modified_time":"2026-08-04T13:07:50+00:00","twitter_card":"summary_large_image","twitter_misc":{"Temps estimat de lectura":"5 minuts"},"schema":{"@context":"https:\/\/schema.org","@graph":[{"@type":"WebPage","@id":"https:\/\/www.medialog.es\/ca\/preguntes-frequents\/","url":"https:\/\/www.medialog.es\/ca\/preguntes-frequents\/","name":"Troba les teves respostes sobre medialog | Ag\u00e8ncia de mitjans","isPartOf":{"@id":"https:\/\/www.medialog.es\/ca\/#website"},"datePublished":"2023-03-02T07:54:06+00:00","dateModified":"2026-08-04T13:07:50+00:00","description":"Quant costa treballar amb medialog, planificaci\u00f3 de mitjans internacional, clients de medialog, offline i online media planning, social ads","breadcrumb":{"@id":"https:\/\/www.medialog.es\/ca\/preguntes-frequents\/#breadcrumb"},"inLanguage":"ca","potentialAction":[{"@type":"ReadAction","target":["https:\/\/www.medialog.es\/ca\/preguntes-frequents\/"]}]},{"@type":"BreadcrumbList","@id":"https:\/\/www.medialog.es\/ca\/preguntes-frequents\/#breadcrumb","itemListElement":[{"@type":"ListItem","position":1,"name":"Home","item":"https:\/\/www.medialog.es\/ca\/"},{"@type":"ListItem","position":2,"name":"Preguntes freq\u00fcents"}]},{"@type":"WebSite","@id":"https:\/\/www.medialog.es\/ca\/#website","url":"https:\/\/www.medialog.es\/ca\/","name":"medialog","description":"","potentialAction":[{"@type":"SearchAction","target":{"@type":"EntryPoint","urlTemplate":"https:\/\/www.medialog.es\/ca\/?s={search_term_string}"},"query-input":{"@type":"PropertyValueSpecification","valueRequired":true,"valueName":"search_term_string"}}],"inLanguage":"ca"}]}},"_links":{"self":[{"href":"https:\/\/www.medialog.es\/ca\/wp-json\/wp\/v2\/pages\/284","targetHints":{"allow":["GET"]}}],"collection":[{"href":"https:\/\/www.medialog.es\/ca\/wp-json\/wp\/v2\/pages"}],"about":[{"href":"https:\/\/www.medialog.es\/ca\/wp-json\/wp\/v2\/types\/page"}],"author":[{"embeddable":true,"href":"https:\/\/www.medialog.es\/ca\/wp-json\/wp\/v2\/users\/1"}],"replies":[{"embeddable":true,"href":"https:\/\/www.medialog.es\/ca\/wp-json\/wp\/v2\/comments?post=284"}],"version-history":[{"count":22,"href":"https:\/\/www.medialog.es\/ca\/wp-json\/wp\/v2\/pages\/284\/revisions"}],"predecessor-version":[{"id":2402,"href":"https:\/\/www.medialog.es\/ca\/wp-json\/wp\/v2\/pages\/284\/revisions\/2402"}],"wp:attachment":[{"href":"https:\/\/www.medialog.es\/ca\/wp-json\/wp\/v2\/media?parent=284"}],"curies":[{"name":"wp","href":"https:\/\/api.w.org\/{rel}","templated":true}]}}