{"id":323,"date":"2023-03-14T02:07:03","date_gmt":"2023-03-14T01:07:03","guid":{"rendered":"https:\/\/medialog.islandmediadevelopment.com\/legal-disclaimer\/"},"modified":"2025-11-11T16:28:51","modified_gmt":"2025-11-11T15:28:51","slug":"avis-legal","status":"publish","type":"page","link":"https:\/\/www.medialog.es\/ca\/avis-legal\/","title":{"rendered":"Av\u00eds Legal"},"content":{"rendered":"<div id=\"pl-323\"  class=\"panel-layout\" ><div id=\"pg-323-0\"  class=\"panel-grid panel-no-style\" ><div id=\"pgc-323-0-0\"  class=\"panel-grid-cell\" ><div id=\"panel-323-0-0-0\" class=\"so-panel widget widget_terms-and-conditions panel-first-child panel-last-child\" data-index=\"0\" ><div\n\t\t\t\n\t\t\tclass=\"so-widget-terms-and-conditions so-widget-terms-and-conditions-default-d75171398898-323\"\n\t\t\t\n\t\t><div class=\"widget widget-padding terms-and-conditions widget-terms-and-conditions\" id=\"terms-and-conditions-32310000\">\n    <div class=\"container\">\n        <div class=\"terms-and-conditions__wrapper\">\n            <div class=\"row\">\n                <div class=\"col-md-10 offset-md-1\">\n                                            <div class=\"terms-and-conditions__wrapper\">\n                            <div class=\"terms-and-conditions__heading\">\n                                                                <h2 class=\"terms-and-conditions__heading--title desktop-paragraph-big\">Av\u00eds legal<\/h2>\n                            <\/div>\n                            <div class=\"terms-and-conditions__description\">\n                                <p><span style=\"font-weight: 400;\">El domini www.medialog.es \u00e9s un producte de\u00a0<\/span><b>Medialog Communications Societat Limitada<\/b><span style=\"font-weight: 400;\">.<\/span><\/p>\n<p><span style=\"font-weight: 400;\">En compliment de l\u2019article 10 de la Llei 34\/2002, d\u201911 de juliol, de Serveis de la Societat de la Informaci\u00f3 i Comer\u00e7 Electr\u00f2nic (LSSI), exposem les dades identificatives del responsable del present web:<\/span><\/p>\n<p><b>Nom dels dominis i p\u00e0gina web:<\/b><span style=\"font-weight: 400;\">\u00a0www.medialog.es<\/span><br \/>\n<b>Denominaci\u00f3 social<\/b><span style=\"font-weight: 400;\">: Medialog Communications Societat Limitada<\/span><br \/>\n<b>CIF<\/b><span style=\"font-weight: 400;\">: B55690879<\/span><br \/>\n<b>Domicili social<\/b><span style=\"font-weight: 400;\">: Gran Via de les Corts Catalanes 630, 4\u00aa, planta. 08007 Barcelona<\/span><br \/>\n<b>Correu electr\u00f2nic de contacte<\/b><span style=\"font-weight: 400;\">: legal@medialog.es<\/span><br \/>\n<b>N\u00famero de tel\u00e8fon<\/b><span style=\"font-weight: 400;\">: +34 930 180 910 | +34 911 680 480<\/span><br \/>\n<b>Fitxer de titularitat privada<\/b><span style=\"font-weight: 400;\">: inscrit a l\u2019Ag\u00e8ncia Espanyola de Protecci\u00f3 de Dades.<\/span><br \/>\n<b>Dades d\u2019inscripci\u00f3 en el Registre Mercantil<\/b><span style=\"font-weight: 400;\">: societat inscrita en el Registre Mercantil de Barcelona, en el volum 46892, foli 161, amb full B-534439 inscripci\u00f3 3\u00aa<\/span><\/p>\n<p><span style=\"font-weight: 400;\">La nostra web es regeix per la normativa exclusivament aplicable a Espanya, quedant sotmesa a ella, tant nacionals com estrangers que utilitzin la nostra web.<\/span><\/p>\n<p><span style=\"font-weight: 400;\">L\u2019acc\u00e9s a la nostra web per part de l\u2019usuari \u00e9s gratu\u00eft i est\u00e0 condicionat a la pr\u00e8via lectura i acceptaci\u00f3 \u00edntegra, expressa i sense reserves de les presents CONDICIONS GENERALS d\u2019\u00daS vigents al moment de l\u2019acc\u00e9s, que preguem que llegeixi atentament. L\u2019usuari al moment que utilitzi el nostre portal, els seus continguts o serveis, accepta i se sotmet expressament a les condicions generals d\u2019\u00fas d\u2019aquest. Si l\u2019usuari no estigu\u00e9s d\u2019acord amb les presents condicions d\u2019\u00fas, haur\u00e0 d\u2019abstenir-se d\u2019utilitzar i operar per mitj\u00e0 del mateix.<\/span><\/p>\n<p><span style=\"font-weight: 400;\">En qualsevol moment Medialog Communications es reserva el dret de modificar la presentaci\u00f3 i configuraci\u00f3 de la nostra web, ampliar o reduir serveis, modificar l\u2019acc\u00e9s i incl\u00fas suprimir-lo de la Xarxa, aix\u00ed com els serveis i continguts prestats, tot aix\u00f2 de forma unilateral i sense previ av\u00eds.<\/span><\/p>\n\n                            <\/div>\n                        <\/div>\n                                            <div class=\"terms-and-conditions__wrapper\">\n                            <div class=\"terms-and-conditions__heading\">\n                                                                <h2 class=\"terms-and-conditions__heading--title desktop-paragraph-big\">A. Propietat Intel\u00b7lectual<\/h2>\n                            <\/div>\n                            <div class=\"terms-and-conditions__description\">\n                                <p><span style=\"font-weight: 400;\">Tots els continguts de la p\u00e0gina web que figuren en aquest av\u00eds legal, entenent per continguts a t\u00edtol merament enunciatiu els textos, imatges, gr\u00e0fics, icones, marques, tecnologia, codis font, enlla\u00e7os, noms comercials o signes distintius i altres continguts audiovisuals o sonors, aix\u00ed com el seu disseny gr\u00e0fic i programes, s\u00f3n propietat de Medialog Communications Societat Limitada o de tercers que han adquirit els seus drets d\u2019explotaci\u00f3, i estan protegits pels drets de Propietat Intel\u00b7lectual i Industrial.<\/span><\/p>\n<p><span style=\"font-weight: 400;\">Queda prohibida la reproducci\u00f3, transformaci\u00f3, distribuci\u00f3, comunicaci\u00f3 p\u00fablica, posada a disposici\u00f3 interactiva, extracci\u00f3, reutilitzaci\u00f3, reenviament o la utilitzaci\u00f3 de qualsevol naturalesa, per qualsevol mitj\u00e0 o procediment, de qualsevol dels CONTINGUTS, a excepci\u00f3 en els casos que estigui legalment perm\u00e8s o sigui autoritzat de manera expressa i per escrit del titular dels corresponents drets. Medialog Communications Societat Limitada es reserva l\u2019\u00fas d\u2019accions judicials civils i\/o penals contra aquelles persones f\u00edsiques o jur\u00eddiques i els seus representants que violin qualsevol dels citats drets de la Propietat Industrial i Intel\u00b7lectual.<\/span><\/p>\n<p><span style=\"font-weight: 400;\">Medialog Communications Societat Limitada es compromet a complir les condicions esmentades anteriorment per garantir l\u2019\u00fas correcte del contingut del lloc web, exercint qualsevol acci\u00f3 civil o penal necess\u00e0ria en el cas d\u2019infracci\u00f3 o incompliment d\u2019aquests drets per part de l\u2019usuari.<\/span><\/p>\n<p><span style=\"font-weight: 400;\">L\u2019usuari \u00fanicament t\u00e9 dret a un \u00fas privat d\u2019aquests, sense \u00e0nim de lucre i necessita autoritzaci\u00f3 expressa per modificar-los, reproduir-los, explotar-los, distribuir-los o exercir qualsevol dret pertanyent al seu titular.<\/span><\/p>\n\n                            <\/div>\n                        <\/div>\n                                            <div class=\"terms-and-conditions__wrapper\">\n                            <div class=\"terms-and-conditions__heading\">\n                                                                <h2 class=\"terms-and-conditions__heading--title desktop-paragraph-big\">B. Condicions d\u2019Acc\u00e9s<\/h2>\n                            <\/div>\n                            <div class=\"terms-and-conditions__description\">\n                                <p><span style=\"font-weight: 400;\">L\u2019acc\u00e9s a la nostra p\u00e0gina web \u00e9s gratu\u00eft, no s\u2019exigeix pr\u00e8via subscripci\u00f3 o registre i es realitza a trav\u00e9s dels dominis especificats en aquest Av\u00eds Legal.<\/span><\/p>\n<p><span style=\"font-weight: 400;\">L\u2019enviament de dades personals implica l\u2019acceptaci\u00f3 expressa per part de l\u2019usuari de la nostra <\/span><span style=\"font-weight: 400;\">Pol\u00edtica de privacitat.<\/span><\/p>\n<p><span style=\"font-weight: 400;\">L\u2019usuari ha d\u2019accedir a la nostra p\u00e0gina web conforme la bona fe, les normes d\u2019ordre p\u00fablic i a les presents Condicions Generals d\u2019\u00das. L\u2019acc\u00e9s al nostre lloc web es realitza sota la pr\u00f2pia i exclusiva responsabilitat de l\u2019usuari, que respondr\u00e0 en tot cas dels danys i perjudicis que pugui causar a tercers o a nosaltres mateixos.<\/span><\/p>\n<p><span style=\"font-weight: 400;\">Tenint en compte la impossibilitat de control respecte a la informaci\u00f3, continguts i serveis que continguin altres p\u00e0gines web als quals es pugui accedir a trav\u00e9s dels enlla\u00e7os que la nostra web pot posar a la seva disposici\u00f3, li comuniquem que quedem eximits de qualsevol responsabilitat pels d\u2019anys i perjudicis de tota classe que es poguessin derivar per la utilitzaci\u00f3 d\u2019aquestes p\u00e0gines web, alienes a la nostra empresa, per part de l\u2019usuari.<\/span><\/p>\n\n                            <\/div>\n                        <\/div>\n                                            <div class=\"terms-and-conditions__wrapper\">\n                            <div class=\"terms-and-conditions__heading\">\n                                                                <h2 class=\"terms-and-conditions__heading--title desktop-paragraph-big\">C. Responsabilitats<\/h2>\n                            <\/div>\n                            <div class=\"terms-and-conditions__description\">\n                                <p><span style=\"font-weight: 400;\">En posar a disposici\u00f3 de l\u2019usuari la nostra web volem oferir-li un servei de qualitat, fent servir la m\u00e0xima dilig\u00e8ncia en la presentaci\u00f3 d\u2019aquest, aix\u00ed com els mitjans tecnol\u00f2gics utilitzats. No obstant aix\u00f2, no responem de la pres\u00e8ncia de virus i altres elements que d\u2019alguna manera puguin danyar el sistema inform\u00e0tic de l\u2019usuari.<\/span><\/p>\n<p><span style=\"font-weight: 400;\">No garantim que la disponibilitat del servei sigui cont\u00ednua i ininterrompuda.<\/span><\/p>\n<p><span style=\"font-weight: 400;\">L\u2019usuari t\u00e9 prohibit qualsevol mena d\u2019acci\u00f3 sobre el nostre portal que origini una excessiva sobrec\u00e0rrega de funcionament als nostres serveis inform\u00e0tics, aix\u00ed com la introducci\u00f3 de virus, o instal\u00b7laci\u00f3 de robots, software o codi de programaci\u00f3 que alteri el normal funcionament de la nostra web, o en definitiva pugui causar danys als nostres sistemes inform\u00e0tics o a tercers.<\/span><\/p>\n<p><span style=\"font-weight: 400;\">L\u2019usuari assumeix tota la responsabilitat derivada de l\u2019\u00fas de la nostra p\u00e0gina web.<\/span><\/p>\n<p><span style=\"font-weight: 400;\">L\u2019usuari reconeix que ha ent\u00e8s tota la informaci\u00f3 respecte a les condicions d\u2019\u00fas de la nostra web, i reconeix que s\u00f3n suficients per a l\u2019execuci\u00f3 de l\u2019error en aquestes, i, per tant, les accepta integra i expressament.<\/span><\/p>\n\n                            <\/div>\n                        <\/div>\n                                            <div class=\"terms-and-conditions__wrapper\">\n                            <div class=\"terms-and-conditions__heading\">\n                                                                <h2 class=\"terms-and-conditions__heading--title desktop-paragraph-big\">D. Contingut<\/h2>\n                            <\/div>\n                            <div class=\"terms-and-conditions__description\">\n                                <p><span style=\"font-weight: 400;\">La p\u00e0gina www.medialog.es pot proporcionar contingut per \u00fas y referencia. El contingut proporcionat per Medialog Communications Sociedad Limitada es amb una finalitat informativa i no ha de ser interpretat com consell professional. La usabilitat del contingut de <\/span><a href=\"http:\/\/www.medialog.es\/\"><span style=\"font-weight: 400;\">www.medialog.es<\/span><\/a><span style=\"font-weight: 400;\"> \u00a0la realitza l\u2019usuari sota el seu propi risc.<\/span><\/p>\n\n                            <\/div>\n                        <\/div>\n                                            <div class=\"terms-and-conditions__wrapper\">\n                            <div class=\"terms-and-conditions__heading\">\n                                                                <h2 class=\"terms-and-conditions__heading--title desktop-paragraph-big\">E. Legislaci\u00f3 i jurisdicci\u00f3 aplicable <\/h2>\n                            <\/div>\n                            <div class=\"terms-and-conditions__description\">\n                                <p><span style=\"font-weight: 400;\">Les relacions establertes entre Medialog Communications Societat Limitada i l\u2019usuari es regiran pel que es disposa en la normativa vigent sobre la legislaci\u00f3 aplicable i la jurisdicci\u00f3 competent. La normativa espanyola vigent ser\u00e0 l\u2019\u00fanica aplicable. Pels casos en qu\u00e8 la normativa prevegi la possibilitat a les parts de sotmetre\u2019s expressament a un fur, Medialog Communications Societat Limitada i l\u2019usuari, amb ren\u00fancia expressa a qualsevol altre fur que pogu\u00e9s correspondre\u2019ls, se sotmeten als jutjats i tribunals de la ciutat de Barcelona (Catalunya, Espanya).<\/span><\/p>\n\n                            <\/div>\n                        <\/div>\n                                    <\/div>\n            <\/div>\n        <\/div>\n    <\/div>\n\n    <div class=\"terms-orange-background\">\n            \n\n\t\t\t\t\n\t\t\n\t\n\t\t\t\n\t\t\t\t\t\t\t\t\t\n\t\t\t\t\t\t\t\t\t\n\t\t\t\t\t\n\t\t\t\t\t\t\t\n\t\t\t\t\t\t<picture class=\"\" width=\"2006\" height=\"2006\">\n\t\t\t\t\t\t\t\t\t\t\t\t<img loading=\"lazy\" decoding=\"async\" src=\"https:\/\/www.medialog.es\/wp-content\/uploads\/2023\/03\/orange-1.png\" alt=\"\" width=\"2006\" height=\"2006\">\n\t\t\t<\/picture>\n\t\t\t\t\t\t\t\t\n\t\t\t\t\t\n\n\t\t\n\t\n    <\/div>\n    <div class=\"terms-blue-background\">\n            \n\n\t\t\t\t\n\t\t\n\t\n\t\t\t\n\t\t\t\t\t\t\t\t\t\n\t\t\t\t\t\t\t\t\t\n\t\t\t\t\t\n\t\t\t\t\t\t\t\n\t\t\t\t\t\t<picture class=\"\" width=\"2006\" height=\"2006\">\n\t\t\t\t\t\t\t\t\t\t\t\t<img loading=\"lazy\" decoding=\"async\" src=\"https:\/\/www.medialog.es\/wp-content\/uploads\/2023\/02\/BLUE-1.png\" alt=\"\" width=\"2006\" height=\"2006\">\n\t\t\t<\/picture>\n\t\t\t\t\t\t\t\t\n\t\t\t\t\t\n\n\t\t\n\t\n    <\/div>\n    <\/div>\n<\/div><\/div><\/div><\/div><\/div>","protected":false},"excerpt":{"rendered":"<p>Av\u00eds legal El domini www.medialog.es \u00e9s un producte de\u00a0Medialog Communications Societat Limitada. En compliment de l\u2019article 10 de la Llei 34\/2002, d\u201911 de juliol, de Serveis de la Societat de la Informaci\u00f3 i Comer\u00e7 Electr\u00f2nic (LSSI), exposem les dades identificatives del responsable del present web: Nom dels dominis i p\u00e0gina web:\u00a0www.medialog.es Denominaci\u00f3 social: Medialog Communications [&hellip;]<\/p>\n","protected":false},"author":1,"featured_media":0,"parent":0,"menu_order":0,"comment_status":"closed","ping_status":"closed","template":"","meta":{"_acf_changed":false,"content-type":"","inline_featured_image":false,"footnotes":""},"class_list":["post-323","page","type-page","status-publish","hentry"],"acf":[],"yoast_head":"<!-- This site is optimized with the Yoast SEO plugin v27.4 - https:\/\/yoast.com\/product\/yoast-seo-wordpress\/ -->\n<title>Av\u00eds Legal - medialog<\/title>\n<meta name=\"description\" content=\"Informaci\u00f3 legal sobre medialog communications ag\u00e8ncia de mitjans de Madrid i Barcelona\" \/>\n<meta name=\"robots\" content=\"index, follow, max-snippet:-1, max-image-preview:large, max-video-preview:-1\" \/>\n<link rel=\"canonical\" href=\"https:\/\/www.medialog.es\/ca\/avis-legal\/\" \/>\n<meta property=\"og:locale\" content=\"ca_ES\" \/>\n<meta property=\"og:type\" content=\"article\" \/>\n<meta property=\"og:title\" content=\"Av\u00eds Legal - medialog\" \/>\n<meta property=\"og:description\" content=\"Informaci\u00f3 legal sobre medialog communications ag\u00e8ncia de mitjans de Madrid i Barcelona\" \/>\n<meta property=\"og:url\" content=\"https:\/\/www.medialog.es\/ca\/avis-legal\/\" \/>\n<meta property=\"og:site_name\" content=\"medialog\" \/>\n<meta property=\"article:modified_time\" content=\"2025-11-11T15:28:51+00:00\" \/>\n<meta name=\"twitter:card\" content=\"summary_large_image\" \/>\n<meta name=\"twitter:label1\" content=\"Temps estimat de lectura\" \/>\n\t<meta name=\"twitter:data1\" content=\"5 minuts\" \/>\n<script type=\"application\/ld+json\" class=\"yoast-schema-graph\">{\"@context\":\"https:\\\/\\\/schema.org\",\"@graph\":[{\"@type\":\"WebPage\",\"@id\":\"https:\\\/\\\/www.medialog.es\\\/ca\\\/avis-legal\\\/\",\"url\":\"https:\\\/\\\/www.medialog.es\\\/ca\\\/avis-legal\\\/\",\"name\":\"Av\u00eds Legal - medialog\",\"isPartOf\":{\"@id\":\"https:\\\/\\\/www.medialog.es\\\/ca\\\/#website\"},\"datePublished\":\"2023-03-14T01:07:03+00:00\",\"dateModified\":\"2025-11-11T15:28:51+00:00\",\"description\":\"Informaci\u00f3 legal sobre medialog communications ag\u00e8ncia de mitjans de Madrid i Barcelona\",\"breadcrumb\":{\"@id\":\"https:\\\/\\\/www.medialog.es\\\/ca\\\/avis-legal\\\/#breadcrumb\"},\"inLanguage\":\"ca\",\"potentialAction\":[{\"@type\":\"ReadAction\",\"target\":[\"https:\\\/\\\/www.medialog.es\\\/ca\\\/avis-legal\\\/\"]}]},{\"@type\":\"BreadcrumbList\",\"@id\":\"https:\\\/\\\/www.medialog.es\\\/ca\\\/avis-legal\\\/#breadcrumb\",\"itemListElement\":[{\"@type\":\"ListItem\",\"position\":1,\"name\":\"Home\",\"item\":\"https:\\\/\\\/www.medialog.es\\\/ca\\\/\"},{\"@type\":\"ListItem\",\"position\":2,\"name\":\"Av\u00eds Legal\"}]},{\"@type\":\"WebSite\",\"@id\":\"https:\\\/\\\/www.medialog.es\\\/ca\\\/#website\",\"url\":\"https:\\\/\\\/www.medialog.es\\\/ca\\\/\",\"name\":\"medialog\",\"description\":\"\",\"potentialAction\":[{\"@type\":\"SearchAction\",\"target\":{\"@type\":\"EntryPoint\",\"urlTemplate\":\"https:\\\/\\\/www.medialog.es\\\/ca\\\/?s={search_term_string}\"},\"query-input\":{\"@type\":\"PropertyValueSpecification\",\"valueRequired\":true,\"valueName\":\"search_term_string\"}}],\"inLanguage\":\"ca\"}]}<\/script>\n<!-- \/ Yoast SEO plugin. -->","yoast_head_json":{"title":"Av\u00eds Legal - medialog","description":"Informaci\u00f3 legal sobre medialog communications ag\u00e8ncia de mitjans de Madrid i Barcelona","robots":{"index":"index","follow":"follow","max-snippet":"max-snippet:-1","max-image-preview":"max-image-preview:large","max-video-preview":"max-video-preview:-1"},"canonical":"https:\/\/www.medialog.es\/ca\/avis-legal\/","og_locale":"ca_ES","og_type":"article","og_title":"Av\u00eds Legal - medialog","og_description":"Informaci\u00f3 legal sobre medialog communications ag\u00e8ncia de mitjans de Madrid i Barcelona","og_url":"https:\/\/www.medialog.es\/ca\/avis-legal\/","og_site_name":"medialog","article_modified_time":"2025-11-11T15:28:51+00:00","twitter_card":"summary_large_image","twitter_misc":{"Temps estimat de lectura":"5 minuts"},"schema":{"@context":"https:\/\/schema.org","@graph":[{"@type":"WebPage","@id":"https:\/\/www.medialog.es\/ca\/avis-legal\/","url":"https:\/\/www.medialog.es\/ca\/avis-legal\/","name":"Av\u00eds Legal - medialog","isPartOf":{"@id":"https:\/\/www.medialog.es\/ca\/#website"},"datePublished":"2023-03-14T01:07:03+00:00","dateModified":"2025-11-11T15:28:51+00:00","description":"Informaci\u00f3 legal sobre medialog communications ag\u00e8ncia de mitjans de Madrid i Barcelona","breadcrumb":{"@id":"https:\/\/www.medialog.es\/ca\/avis-legal\/#breadcrumb"},"inLanguage":"ca","potentialAction":[{"@type":"ReadAction","target":["https:\/\/www.medialog.es\/ca\/avis-legal\/"]}]},{"@type":"BreadcrumbList","@id":"https:\/\/www.medialog.es\/ca\/avis-legal\/#breadcrumb","itemListElement":[{"@type":"ListItem","position":1,"name":"Home","item":"https:\/\/www.medialog.es\/ca\/"},{"@type":"ListItem","position":2,"name":"Av\u00eds Legal"}]},{"@type":"WebSite","@id":"https:\/\/www.medialog.es\/ca\/#website","url":"https:\/\/www.medialog.es\/ca\/","name":"medialog","description":"","potentialAction":[{"@type":"SearchAction","target":{"@type":"EntryPoint","urlTemplate":"https:\/\/www.medialog.es\/ca\/?s={search_term_string}"},"query-input":{"@type":"PropertyValueSpecification","valueRequired":true,"valueName":"search_term_string"}}],"inLanguage":"ca"}]}},"_links":{"self":[{"href":"https:\/\/www.medialog.es\/ca\/wp-json\/wp\/v2\/pages\/323","targetHints":{"allow":["GET"]}}],"collection":[{"href":"https:\/\/www.medialog.es\/ca\/wp-json\/wp\/v2\/pages"}],"about":[{"href":"https:\/\/www.medialog.es\/ca\/wp-json\/wp\/v2\/types\/page"}],"author":[{"embeddable":true,"href":"https:\/\/www.medialog.es\/ca\/wp-json\/wp\/v2\/users\/1"}],"replies":[{"embeddable":true,"href":"https:\/\/www.medialog.es\/ca\/wp-json\/wp\/v2\/comments?post=323"}],"version-history":[{"count":14,"href":"https:\/\/www.medialog.es\/ca\/wp-json\/wp\/v2\/pages\/323\/revisions"}],"predecessor-version":[{"id":2002,"href":"https:\/\/www.medialog.es\/ca\/wp-json\/wp\/v2\/pages\/323\/revisions\/2002"}],"wp:attachment":[{"href":"https:\/\/www.medialog.es\/ca\/wp-json\/wp\/v2\/media?parent=323"}],"curies":[{"name":"wp","href":"https:\/\/api.w.org\/{rel}","templated":true}]}}